{"id":36,"date":"2010-10-01T06:49:59","date_gmt":"2010-10-01T06:49:59","guid":{"rendered":"http:\/\/ormanbiziz.com\/?page_id=36"},"modified":"2011-06-13T08:53:54","modified_gmt":"2011-06-13T08:53:54","slug":"orman-biziz","status":"publish","type":"page","link":"https:\/\/ormanbiziz.com\/","title":{"rendered":"Orman Biziz&#8230;"},"content":{"rendered":"<p style=\"text-align: left;\"><em><a rel=\"attachment wp-att-284\" href=\"http:\/\/ormanbiziz.com\/?attachment_id=284\"><img loading=\"lazy\" class=\"alignnone size-full wp-image-284\" title=\"DSC_76263\" src=\"http:\/\/ormanbiziz.com\/wp-content\/uploads\/DSC_762632.jpg\" alt=\"\" width=\"760\" height=\"366\" srcset=\"https:\/\/ormanbiziz.com\/wp-content\/uploads\/DSC_762632.jpg 760w, https:\/\/ormanbiziz.com\/wp-content\/uploads\/DSC_762632-150x72.jpg 150w, https:\/\/ormanbiziz.com\/wp-content\/uploads\/DSC_762632-300x144.jpg 300w\" sizes=\"(max-width: 760px) 100vw, 760px\" \/><\/a><\/em><\/p>\n<h2 style=\"text-align: center;\"><span style=\"color: #993300;\">&#8220;Orman Biziz Biz Orman\u0131z&#8221; Projesi 11 Haziran 2011 Tarihinde<br \/>\nBa\u015far\u0131yla Sonu\u00e7lanm\u0131\u015ft\u0131r.<\/span><\/h2>\n<h2 style=\"text-align: center;\"><em><span style=\"color: #000000; font-style: normal; -webkit-text-decorations-in-effect: none;\"><strong><span style=\"color: #008000;\">T\u00fcm Kat\u0131l\u0131mc\u0131lara Y\u00fcrekten Te\u015fekk\u00fcrler&#8230;<\/span><\/strong><\/span><\/em><\/h2>\n<p style=\"text-align: left;\"><em><span style=\"color: #000000; font-style: normal; -webkit-text-decorations-in-effect: none;\"><strong> <\/strong><br \/>\nProjenin amac\u0131, geli\u015fen teknolojik geli\u015fmeler ve \u00e7a\u011fda\u015f ya\u015fam\u0131n gerekleri y\u00fcz\u00fcnden do\u011fada ya\u015fam yeteneklerini g\u00fcn ge\u00e7tik\u00e7e yitiren g\u00fcn\u00fcm\u00fcz \u00e7ocuklar\u0131na orman sevgisini a\u015f\u0131lamak ve onlar\u0131n ruhsal ve bedensel geli\u015fimlerine s\u0131n\u0131rl\u0131 da olsa katk\u0131da bulunmakt\u0131r. Projenin hedef kitlesi, g\u00f6n\u00fcll\u00fc kat\u0131l\u0131mc\u0131lar aras\u0131ndan se\u00e7ilmi\u015f, ilk\u00f6\u011fretim \u00f6\u011frencileri (2., 3., 4., 5., ve 6., s\u0131n\u0131f) \u0130lk\u00f6\u011fretim s\u0131n\u0131f \u00f6\u011fretmenleri ve\u00a0 ebeveynlerdir.<\/span><\/em><\/p>\n<p style=\"text-align: left;\">Bug\u00fcn gelinen noktada, televizyon, bilgisayar ekranlar\u0131 ve al\u0131\u015fveri\u015f merkezleri \u00e7ocuklar\u0131n en b\u00fcy\u00fck oyun alanlar\u0131 haline gelmi\u015f durumdad\u0131r. K\u0131sacas\u0131 son y\u0131llarda h\u0131zla de\u011fi\u015fen ya\u015fam tarz\u0131 ve tempolar\u0131 \u00e7ocuklar\u0131 olumsuz y\u00f6nde etkilemeye ba\u015flam\u0131\u015ft\u0131r. Bu olumsuzluklar aras\u0131nda, \u00e7ocuklarda a\u015f\u0131r\u0131 kilo, anti sosyal davran\u0131\u015f bi\u00e7imleri ve kolestrol gibi sa\u011fl\u0131k problemleri, duygusal tatminsizlikler, h\u0131r\u00e7\u0131nl\u0131klar, a\u015f\u0131r\u0131 hareketlilik, dikkat eksikli\u011fi ile ilgili problemler, zay\u0131flayan sosyal beceriler ve hatta k\u00fc\u00e7\u00fck ya\u015fta ortaya \u00e7\u0131kan depresyonlar say\u0131labilir. Proje kapsam\u0131nda, \u00e7ocuklar\u0131n do\u011faya olan ihtiya\u00e7lar\u0131n\u0131n aile ve \u00e7ocuk d\u00fczeyinde hissettirilmesi amac\u0131yla dokuz adet saha uygulamal\u0131 etkinlik planlanm\u0131\u015ft\u0131r. Bu etkinlikler sonunda hedef kat\u0131l\u0131mc\u0131 \u00e7ocuklar\u0131n, temel ekoloji bilgisi, orman sevgisi, ormanlar\u0131n insana ihtiyac\u0131ndan \u00e7ok, insan\u0131n ormana ve do\u011faya ne kadar muhta\u00e7 oldu\u011fu, ormana zarar verilmemesi gereklili\u011fi ve do\u011faya kar\u015f\u0131 duyulmas\u0131 gereken sayg\u0131y\u0131 \u00f6\u011frenmeleri sa\u011flanacakt\u0131r.<\/p>\n<p style=\"text-align: left;\">Bu \u00e7er\u00e7evede kat\u0131l\u0131mc\u0131lar \u201cOrman\u201d s\u00f6zc\u00fc\u011f\u00fcn\u00fcn ifade ettiklerini, \u00e7evresini ve ekosistem i\u00e7indeki vazge\u00e7ilmez yerini anlayarak do\u011fan\u0131n m\u00fckemmel dengesini ve i\u015fleyi\u015fini anlayacaklard\u0131r. Bununla birlikte, orman\u0131n i\u00e7inde var olan bu biyolojik dengenin neden bozulmamas\u0131 gerekti\u011fi kat\u0131l\u0131mc\u0131lara anlat\u0131larak, ormanlar\u0131n ekonomik, ekolojik ve sosyal faydalar\u0131 uygulamal\u0131 olarak \u00f6\u011fretilecektir.<\/p>\n<p style=\"text-align: center;\">\n","protected":false},"excerpt":{"rendered":"<p>&#8220;Orman Biziz Biz Orman\u0131z&#8221; Projesi 11 Haziran 2011 Tarihinde Ba\u015far\u0131yla Sonu\u00e7lanm\u0131\u015ft\u0131r. T\u00fcm Kat\u0131l\u0131mc\u0131lara Y\u00fcrekten Te\u015fekk\u00fcrler&#8230; Projenin amac\u0131, geli\u015fen teknolojik geli\u015fmeler ve \u00e7a\u011fda\u015f ya\u015fam\u0131n gerekleri y\u00fcz\u00fcnden do\u011fada ya\u015fam yeteneklerini g\u00fcn ge\u00e7tik\u00e7e yitiren g\u00fcn\u00fcm\u00fcz \u00e7ocuklar\u0131na orman sevgisini a\u015f\u0131lamak ve onlar\u0131n ruhsal ve bedensel geli\u015fimlerine s\u0131n\u0131rl\u0131 da olsa katk\u0131da bulunmakt\u0131r. Projenin hedef kitlesi, g\u00f6n\u00fcll\u00fc kat\u0131l\u0131mc\u0131lar aras\u0131ndan se\u00e7ilmi\u015f, ilk\u00f6\u011fretim [&hellip;]<\/p>\n","protected":false},"author":1,"featured_media":0,"parent":0,"menu_order":0,"comment_status":"open","ping_status":"open","template":"","meta":[],"_links":{"self":[{"href":"https:\/\/ormanbiziz.com\/index.php?rest_route=\/wp\/v2\/pages\/36"}],"collection":[{"href":"https:\/\/ormanbiziz.com\/index.php?rest_route=\/wp\/v2\/pages"}],"about":[{"href":"https:\/\/ormanbiziz.com\/index.php?rest_route=\/wp\/v2\/types\/page"}],"author":[{"embeddable":true,"href":"https:\/\/ormanbiziz.com\/index.php?rest_route=\/wp\/v2\/users\/1"}],"replies":[{"embeddable":true,"href":"https:\/\/ormanbiziz.com\/index.php?rest_route=%2Fwp%2Fv2%2Fcomments&post=36"}],"version-history":[{"count":47,"href":"https:\/\/ormanbiziz.com\/index.php?rest_route=\/wp\/v2\/pages\/36\/revisions"}],"predecessor-version":[{"id":92,"href":"https:\/\/ormanbiziz.com\/index.php?rest_route=\/wp\/v2\/pages\/36\/revisions\/92"}],"wp:attachment":[{"href":"https:\/\/ormanbiziz.com\/index.php?rest_route=%2Fwp%2Fv2%2Fmedia&parent=36"}],"curies":[{"name":"wp","href":"https:\/\/api.w.org\/{rel}","templated":true}]}}